{"id":144,"date":"2017-12-28T14:32:00","date_gmt":"2017-12-28T14:32:00","guid":{"rendered":"http:\/\/ds-parkett.de\/?page_id=144"},"modified":"2021-01-31T12:29:40","modified_gmt":"2021-01-31T12:29:40","slug":"leistungen-2","status":"publish","type":"page","link":"https:\/\/ds-parkett.de\/index.php\/leistungen-2\/","title":{"rendered":"Ausstellung"},"content":{"rendered":"<div id=\"pl-144\"  class=\"panel-layout\" ><div id=\"pg-144-0\"  class=\"panel-grid panel-has-style\" ><div class=\"panel-row-style panel-row-style-for-144-0\" ><div id=\"pgc-144-0-0\"  class=\"panel-grid-cell\" ><div id=\"panel-144-0-0-0\" class=\"so-panel widget widget_sow-image panel-first-child panel-last-child\" data-index=\"0\" ><div\n\t\t\t\n\t\t\tclass=\"so-widget-sow-image so-widget-sow-image-default-8b5b6f678277-144\"\n\t\t\t\n\t\t>\n\n<div class=\"sow-image-container\">\n\t\t<img loading=\"lazy\" decoding=\"async\" src=\"https:\/\/ds-parkett.de\/wp-content\/uploads\/2017\/12\/ausstellung_01.jpg\" width=\"1200\" height=\"810\" srcset=\"https:\/\/ds-parkett.de\/wp-content\/uploads\/2017\/12\/ausstellung_01.jpg 1200w, https:\/\/ds-parkett.de\/wp-content\/uploads\/2017\/12\/ausstellung_01-300x203.jpg 300w, https:\/\/ds-parkett.de\/wp-content\/uploads\/2017\/12\/ausstellung_01-768x518.jpg 768w, https:\/\/ds-parkett.de\/wp-content\/uploads\/2017\/12\/ausstellung_01-1024x691.jpg 1024w\" sizes=\"auto, (max-width: 1200px) 100vw, 1200px\" title=\"SONY DSC\" alt=\"\" \t\tclass=\"so-widget-image\"\/>\n\t<\/div>\n\n<\/div><\/div><\/div><div id=\"pgc-144-0-1\"  class=\"panel-grid-cell\" ><div id=\"panel-144-0-1-0\" class=\"so-panel widget widget_sow-image panel-first-child panel-last-child\" data-index=\"1\" ><div\n\t\t\t\n\t\t\tclass=\"so-widget-sow-image so-widget-sow-image-default-8b5b6f678277-144\"\n\t\t\t\n\t\t>\n\n<div class=\"sow-image-container\">\n\t\t<img loading=\"lazy\" decoding=\"async\" src=\"https:\/\/ds-parkett.de\/wp-content\/uploads\/2017\/12\/ausstellung_04.jpg\" width=\"1200\" height=\"810\" srcset=\"https:\/\/ds-parkett.de\/wp-content\/uploads\/2017\/12\/ausstellung_04.jpg 1200w, https:\/\/ds-parkett.de\/wp-content\/uploads\/2017\/12\/ausstellung_04-300x203.jpg 300w, https:\/\/ds-parkett.de\/wp-content\/uploads\/2017\/12\/ausstellung_04-768x518.jpg 768w, https:\/\/ds-parkett.de\/wp-content\/uploads\/2017\/12\/ausstellung_04-1024x691.jpg 1024w\" sizes=\"auto, (max-width: 1200px) 100vw, 1200px\" title=\"SONY DSC\" alt=\"\" \t\tclass=\"so-widget-image\"\/>\n\t<\/div>\n\n<\/div><\/div><\/div><div id=\"pgc-144-0-2\"  class=\"panel-grid-cell\" ><div id=\"panel-144-0-2-0\" class=\"so-panel widget widget_sow-image panel-first-child panel-last-child\" data-index=\"2\" ><div\n\t\t\t\n\t\t\tclass=\"so-widget-sow-image so-widget-sow-image-default-8b5b6f678277-144\"\n\t\t\t\n\t\t>\n\n<div class=\"sow-image-container\">\n\t\t<img loading=\"lazy\" decoding=\"async\" src=\"https:\/\/ds-parkett.de\/wp-content\/uploads\/2017\/12\/ausstellung_02.jpg\" width=\"1200\" height=\"810\" srcset=\"https:\/\/ds-parkett.de\/wp-content\/uploads\/2017\/12\/ausstellung_02.jpg 1200w, https:\/\/ds-parkett.de\/wp-content\/uploads\/2017\/12\/ausstellung_02-300x203.jpg 300w, https:\/\/ds-parkett.de\/wp-content\/uploads\/2017\/12\/ausstellung_02-768x518.jpg 768w, https:\/\/ds-parkett.de\/wp-content\/uploads\/2017\/12\/ausstellung_02-1024x691.jpg 1024w\" sizes=\"auto, (max-width: 1200px) 100vw, 1200px\" title=\"SONY DSC\" alt=\"\" \t\tclass=\"so-widget-image\"\/>\n\t<\/div>\n\n<\/div><\/div><\/div><div id=\"pgc-144-0-3\"  class=\"panel-grid-cell\" ><div id=\"panel-144-0-3-0\" class=\"so-panel widget widget_sow-image panel-first-child panel-last-child\" data-index=\"3\" ><div\n\t\t\t\n\t\t\tclass=\"so-widget-sow-image so-widget-sow-image-default-8b5b6f678277-144\"\n\t\t\t\n\t\t>\n\n<div class=\"sow-image-container\">\n\t\t<img loading=\"lazy\" decoding=\"async\" src=\"https:\/\/ds-parkett.de\/wp-content\/uploads\/2017\/12\/ausstellung_03.jpg\" width=\"1200\" height=\"810\" srcset=\"https:\/\/ds-parkett.de\/wp-content\/uploads\/2017\/12\/ausstellung_03.jpg 1200w, https:\/\/ds-parkett.de\/wp-content\/uploads\/2017\/12\/ausstellung_03-300x203.jpg 300w, https:\/\/ds-parkett.de\/wp-content\/uploads\/2017\/12\/ausstellung_03-768x518.jpg 768w, https:\/\/ds-parkett.de\/wp-content\/uploads\/2017\/12\/ausstellung_03-1024x691.jpg 1024w\" sizes=\"auto, (max-width: 1200px) 100vw, 1200px\" title=\"SONY DSC\" alt=\"\" \t\tclass=\"so-widget-image\"\/>\n\t<\/div>\n\n<\/div><\/div><\/div><\/div><\/div><div id=\"pg-144-1\"  class=\"panel-grid panel-no-style\" ><div id=\"pgc-144-1-0\"  class=\"panel-grid-cell panel-grid-cell-empty\" ><\/div><\/div><div id=\"pg-144-2\"  class=\"panel-grid panel-has-style\" ><div class=\"panel-row-style panel-row-style-for-144-2\" ><div id=\"pgc-144-2-0\"  class=\"panel-grid-cell\" ><div id=\"panel-144-2-0-0\" class=\"so-panel widget widget_sow-editor panel-first-child panel-last-child\" data-index=\"4\" ><div\n\t\t\t\n\t\t\tclass=\"so-widget-sow-editor so-widget-sow-editor-base\"\n\t\t\t\n\t\t>\n<div class=\"siteorigin-widget-tinymce textwidget\">\n\t<p>In unserer Austellung erwartet Sie eine umfangreiche Ausstellung ab verschiedenen Bodenbel\u00e4gen.<br \/>\nService und Beratung stehen immer im Mittelpunkt. Wir gehen stets auf Ihre W\u00fcnsche und Bed\u00fcrfnisse ein. <\/p>\n<p>Kontaktieren Sie uns per <a href=\"http:\/\/ds-parkett.de\/index.php\/kontakt\/\">Email<\/a> oder telefonisch unter <a href=\"tel:+491752940141\">0175 \/ 2940141<\/a><br \/>\nWir w\u00fcrden uns freuen, Sie bei uns in der Ausstellung begr\u00fc\u00dfen zu d\u00fcrfen.<\/p>\n<p>Sie finden unsere Austllung unter folgender Adresse<br \/>\n<strong>B3 Center<br \/>\nMarkgrafenstr. 125\/1<br \/>\n79211 Denzlingen<\/strong><\/p>\n<\/div>\n<\/div><\/div><\/div><\/div><\/div><div id=\"pg-144-3\"  class=\"panel-grid panel-has-style\" ><div class=\"panel-row-style panel-row-style-for-144-3\" ><div id=\"pgc-144-3-0\"  class=\"panel-grid-cell\" ><div id=\"panel-144-3-0-0\" class=\"so-panel widget widget_sow-editor panel-first-child\" data-index=\"5\" ><div\n\t\t\t\n\t\t\tclass=\"so-widget-sow-editor so-widget-sow-editor-base\"\n\t\t\t\n\t\t>\n<div class=\"siteorigin-widget-tinymce textwidget\">\n\t<p><iframe loading=\"lazy\" src=\"https:\/\/www.google.com\/maps\/embed?pb=!1m14!1m8!1m3!1d10664.497737928357!2d7.868058!3d48.069241!3m2!1i1024!2i768!4f13.1!3m3!1m2!1s0x0%3A0x5763135a9d09bb10!2sD.S.+Parkett+-+Parkett+%26+Fu%C3%9Fbodentechnik+Fachbetrieb!5e0!3m2!1sde!2sde!4v1440624430086\" width=\"1950\" height=\"600\" frameborder=\"0\" style=\"border:0\" allowfullscreen><\/iframe><\/p>\n<\/div>\n<\/div><\/div><div id=\"panel-144-3-0-1\" class=\"so-panel widget widget_sow-image panel-last-child\" data-index=\"6\" ><div\n\t\t\t\n\t\t\tclass=\"so-widget-sow-image so-widget-sow-image-default-8b5b6f678277-144\"\n\t\t\t\n\t\t>\n\n<div class=\"sow-image-container\">\n\t\t<img title=\"Ausstellung\" alt=\"\" \t\tclass=\"so-widget-image\"\/>\n\t<\/div>\n\n<\/div><\/div><\/div><\/div><\/div><\/div>","protected":false},"excerpt":{"rendered":"<p>In unserer Austellung erwartet Sie eine umfangreiche Ausstellung ab verschiedenen Bodenbel\u00e4gen. Service und Beratung stehen immer im Mittelpunkt. Wir gehen stets auf Ihre W\u00fcnsche und Bed\u00fcrfnisse ein. Kontaktieren Sie uns per Email oder telefonisch unter 0175 \/ 2940141 Wir w\u00fcrden uns freuen, Sie bei uns in der Ausstellung begr\u00fc\u00dfen zu d\u00fcrfen. Sie finden unsere Austllung&hellip;<\/p>\n","protected":false},"author":1,"featured_media":0,"parent":0,"menu_order":0,"comment_status":"closed","ping_status":"closed","template":"","meta":{"footnotes":""},"class_list":["post-144","page","type-page","status-publish","hentry"],"_links":{"self":[{"href":"https:\/\/ds-parkett.de\/index.php\/wp-json\/wp\/v2\/pages\/144","targetHints":{"allow":["GET"]}}],"collection":[{"href":"https:\/\/ds-parkett.de\/index.php\/wp-json\/wp\/v2\/pages"}],"about":[{"href":"https:\/\/ds-parkett.de\/index.php\/wp-json\/wp\/v2\/types\/page"}],"author":[{"embeddable":true,"href":"https:\/\/ds-parkett.de\/index.php\/wp-json\/wp\/v2\/users\/1"}],"replies":[{"embeddable":true,"href":"https:\/\/ds-parkett.de\/index.php\/wp-json\/wp\/v2\/comments?post=144"}],"version-history":[{"count":18,"href":"https:\/\/ds-parkett.de\/index.php\/wp-json\/wp\/v2\/pages\/144\/revisions"}],"predecessor-version":[{"id":391,"href":"https:\/\/ds-parkett.de\/index.php\/wp-json\/wp\/v2\/pages\/144\/revisions\/391"}],"wp:attachment":[{"href":"https:\/\/ds-parkett.de\/index.php\/wp-json\/wp\/v2\/media?parent=144"}],"curies":[{"name":"wp","href":"https:\/\/api.w.org\/{rel}","templated":true}]}}